{"id":20,"date":"2018-07-17T19:51:29","date_gmt":"2018-07-17T19:51:29","guid":{"rendered":"http:\/\/mozartschule-mannheim.de\/?page_id=20"},"modified":"2024-11-18T20:23:32","modified_gmt":"2024-11-18T18:23:32","slug":"betreuungsangebot","status":"publish","type":"page","link":"https:\/\/mozartschule-mannheim.de\/?page_id=20","title":{"rendered":"Betreuungsangebot\/Kooperationen"},"content":{"rendered":"\n<h4 class=\"wp-block-heading\"> Beratungslehrkr\u00e4fte Mozartschule<\/h4>\n\n\n\n<figure class=\"wp-block-image size-large\"><img loading=\"lazy\" decoding=\"async\" width=\"1024\" height=\"718\" src=\"http:\/\/mozartschule-mannheim.de\/wp-content\/uploads\/2023\/09\/Bildschirmfoto-2023-09-24-um-14.43.50-1024x718.png\" alt=\"\" class=\"wp-image-708\" srcset=\"https:\/\/mozartschule-mannheim.de\/wp-content\/uploads\/2023\/09\/Bildschirmfoto-2023-09-24-um-14.43.50-1024x718.png 1024w, https:\/\/mozartschule-mannheim.de\/wp-content\/uploads\/2023\/09\/Bildschirmfoto-2023-09-24-um-14.43.50-300x210.png 300w, https:\/\/mozartschule-mannheim.de\/wp-content\/uploads\/2023\/09\/Bildschirmfoto-2023-09-24-um-14.43.50-768x538.png 768w, https:\/\/mozartschule-mannheim.de\/wp-content\/uploads\/2023\/09\/Bildschirmfoto-2023-09-24-um-14.43.50-1536x1077.png 1536w, https:\/\/mozartschule-mannheim.de\/wp-content\/uploads\/2023\/09\/Bildschirmfoto-2023-09-24-um-14.43.50-2048x1435.png 2048w\" sizes=\"auto, (max-width: 1024px) 100vw, 1024px\" \/><\/figure>\n\n\n\n<figure class=\"wp-block-image size-large\"><img loading=\"lazy\" decoding=\"async\" width=\"1024\" height=\"719\" src=\"http:\/\/mozartschule-mannheim.de\/wp-content\/uploads\/2023\/09\/Bildschirmfoto-2023-09-24-um-14.44.09-1-1024x719.png\" alt=\"\" class=\"wp-image-709\" srcset=\"https:\/\/mozartschule-mannheim.de\/wp-content\/uploads\/2023\/09\/Bildschirmfoto-2023-09-24-um-14.44.09-1-1024x719.png 1024w, https:\/\/mozartschule-mannheim.de\/wp-content\/uploads\/2023\/09\/Bildschirmfoto-2023-09-24-um-14.44.09-1-300x211.png 300w, https:\/\/mozartschule-mannheim.de\/wp-content\/uploads\/2023\/09\/Bildschirmfoto-2023-09-24-um-14.44.09-1-768x539.png 768w, https:\/\/mozartschule-mannheim.de\/wp-content\/uploads\/2023\/09\/Bildschirmfoto-2023-09-24-um-14.44.09-1-1536x1078.png 1536w, https:\/\/mozartschule-mannheim.de\/wp-content\/uploads\/2023\/09\/Bildschirmfoto-2023-09-24-um-14.44.09-1-2048x1438.png 2048w\" sizes=\"auto, (max-width: 1024px) 100vw, 1024px\" \/><\/figure>\n\n\n\n<div data-wp-interactive=\"core\/file\" class=\"wp-block-file\"><object data-wp-bind--hidden=\"!state.hasPdfPreview\" hidden class=\"wp-block-file__embed\" data=\"http:\/\/mozartschule-mannheim.de\/wp-content\/uploads\/2023\/09\/Flyer-Beratungslehrkraefte-2023.Blum_.Mozartschule.pdf\" type=\"application\/pdf\" style=\"width:100%;height:200px\" aria-label=\"Einbettung von Flyer-Beratungslehrkr\u00e4fte-2023.Blum.Mozartschule.\"><\/object><a id=\"wp-block-file--media-c9223444-b924-4fb2-ae1e-f56c3cd74a62\" href=\"http:\/\/mozartschule-mannheim.de\/wp-content\/uploads\/2023\/09\/Flyer-Beratungslehrkraefte-2023.Blum_.Mozartschule.pdf\">Flyer-Beratungslehrkr\u00e4fte-2023.Blum.Mozartschule<\/a><a href=\"http:\/\/mozartschule-mannheim.de\/wp-content\/uploads\/2023\/09\/Flyer-Beratungslehrkraefte-2023.Blum_.Mozartschule.pdf\" class=\"wp-block-file__button wp-element-button\" download aria-describedby=\"wp-block-file--media-c9223444-b924-4fb2-ae1e-f56c3cd74a62\">Herunterladen<\/a><\/div>\n\n\n\n<h4 class=\"wp-block-heading\">Zust\u00e4ndig f\u00fcr Kindergarten-Kooperationen:<\/h4>\n\n\n\n<ul class=\"wp-block-list\">\n<li>Fr. Eisenhauer, <a href=\"mailto:ingrid.eisenhauer@mozartschule-mannheim.de\">ingrid.eisenhauer@mozartschule-mannheim.de<\/a><\/li>\n\n\n\n<li>Fr. Kunz, juliane.kunz@mozartschule-mannheim.de<\/li>\n<\/ul>\n\n\n\n<h4 class=\"wp-block-heading\">Hort\/Betreuungsangebote in R 2 und in M 6: siehe auch die Homepage der Stadt Mannheim:<\/h4>\n\n\n\n<ul class=\"wp-block-list\">\n<li><a href=\"http:\/\/www.mannheim.de\/bildung-staerken\/betreuungsangebote-schulkinder\">www.mannheim.de\/bildung-staerken\/betreuungsangebote-schulkinder<\/a><\/li>\n\n\n\n<li>Hort\/VGS R2: Tel.: 0621-293-3592<\/li>\n\n\n\n<li>Hort\/VGS M6: Tel.: 0621-293-3566<\/li>\n<\/ul>\n\n\n\n<h4 class=\"wp-block-heading\">Evangelische Einrichtungen:<\/h4>\n\n\n\n<ul class=\"wp-block-list\">\n<li><a href=\"http:\/\/kopie.citygemeinde-hafen-konkordien.de\/kindertagesstaetten\/\">Kindergarten Arche Noah<\/a>,&nbsp;T 6, 36, Tel.: 0621-1 35 86<\/li>\n\n\n\n<li><a href=\"http:\/\/kopie.citygemeinde-hafen-konkordien.de\/kindertagesstaetten\/\">Trinitatis Kindergarten, G4<\/a>, 16, Tel.: 0621-20105<\/li>\n\n\n\n<li>Kindergarten Kinderparadies, Rheinh\u00e4userstr. 22,\nTel: 0621-448285<\/li>\n<\/ul>\n\n\n\n<h4 class=\"wp-block-heading\" id=\"mce_20\">Katholische Einrichtungen:<\/h4>\n\n\n\n<ul class=\"wp-block-list\">\n<li><a href=\"https:\/\/www.gkg-mannheim.de\/html\/orte\/orte_detail.html?&amp;id=23129&amp;cb-id=12012896&amp;m=97036&amp;tab=cbortedetail\">Kindergarten St. Sebastian<\/a>, R7, 14, Tel.: 0621-26973<\/li>\n\n\n\n<li><a href=\"https:\/\/www.caritas-mannheim.de\/hilfe-und-beratung\/kinder-familien-und-frauen\/kinderbetreuung\/kindergarten-mirjam\/kindergarten-mirjam\">Kindergarten Mirjam<\/a>, &nbsp;F3, 7a, Tel.: 0621-152723<\/li>\n\n\n\n<li><a href=\"https:\/\/www.caritas.de\/adressen\/kindergarten-st.-elisabeth\/68165-mannheim\/92406\">Kindergarten St. Elisabeth<\/a>, Schwetzinger Str. 74, Tel.: 0621-43179941<\/li>\n<\/ul>\n\n\n\n<h4 class=\"wp-block-heading\"><strong>St\u00e4dtische Einrichtungen:<\/strong><\/h4>\n\n\n\n<ul class=\"wp-block-list\">\n<li><a href=\"https:\/\/www.mannheim.de\/de\/bildung-staerken\/tageseinrichtungen-fuer-kinder\/staedtische-tageseinrichtungen-fuer-kinder\/bereich-mitte\/kindergarten-m2\">Kindergarten M2<\/a>, M2, 7, Tel.: 0621-21756<\/li>\n\n\n\n<li><a href=\"https:\/\/www.mannheim.de\/de\/bildung-staerken\/tageseinrichtungen-fuer-kinder\/staedtische-tageseinrichtungen-fuer-kinder\/bereich-mitte\/eltern-kind-zentrum-k2\">Eltern-Kind-Zentrum K2<\/a>, K2, 6, Tel.:&nbsp;0621-2933399<\/li>\n<\/ul>\n\n\n\n<h4 class=\"wp-block-heading\">Andere Einrichtungen:<\/h4>\n\n\n\n<ul class=\"wp-block-list\">\n<li>&nbsp;<a href=\"https:\/\/www.stw-ma.de\/kinderhaus.html\">Kinderhaus des Studierendenwerks<\/a> N 6, 1,&nbsp;Tel.:&nbsp;0621-155276<\/li>\n<\/ul>\n\n\n\n<h4 class=\"wp-block-heading\">Zus\u00e4tzlich:<\/h4>\n\n\n\n<ul class=\"wp-block-list\">\n<li>Die <a href=\"http:\/\/schulkindbetreuung-mannheim.de\/die-schulen\/mozart-schule-m6\/\"><strong>Freireligi\u00f6se Gemeinde Mannheim<\/strong><\/a> bietet eine Betreuung f\u00fcr Schulkinder von M 6 im ehemaligen Ladenlokal L 8, 11 an, Tel. 0160-90666424<\/li>\n<\/ul>\n\n\n\n<ul class=\"wp-block-list\">\n<li>Der <a href=\"https:\/\/www.caritas-mannheim.de\"><strong>Caritasverband Mannheim<\/strong><\/a> bietet in M 6 eine Betreuung an, Tel. 0621-1250612.<\/li>\n<\/ul>\n\n\n\n<ul class=\"wp-block-list\">\n<li>Die <a href=\"https:\/\/www.kinderhelden.info\"><strong>KinderHelden<\/strong><\/a> bieten qualitativ hochwertige Mentoring-Programme mit professioneller Begleitung f\u00fcr Kinder und Jugendliche an und sind als gemeinn\u00fctzige Organisation in den Regionen Stuttgart, Rhein-Neckar und Rhein-Main sowie Hamburg t\u00e4tig.&nbsp;<\/li>\n\n\n\n<li>Durch den <strong>Integrationsfonds <\/strong>der Stadt Mannheim werden Kinder und Familien aus den osteurop\u00e4ischen L\u00e4ndern unterst\u00fctzt.<\/li>\n<\/ul>\n","protected":false},"excerpt":{"rendered":"<p>Beratungslehrkr\u00e4fte Mozartschule Zust\u00e4ndig f\u00fcr Kindergarten-Kooperationen: Hort\/Betreuungsangebote in R 2 und in M 6: siehe auch die Homepage der Stadt Mannheim: Evangelische Einrichtungen: Katholische Einrichtungen: St\u00e4dtische Einrichtungen: Andere Einrichtungen: Zus\u00e4tzlich:<\/p>\n","protected":false},"author":1,"featured_media":0,"parent":5,"menu_order":13,"comment_status":"closed","ping_status":"closed","template":"","meta":{"_crdt_document":"","footnotes":""},"class_list":["post-20","page","type-page","status-publish","hentry"],"_links":{"self":[{"href":"https:\/\/mozartschule-mannheim.de\/index.php?rest_route=\/wp\/v2\/pages\/20","targetHints":{"allow":["GET"]}}],"collection":[{"href":"https:\/\/mozartschule-mannheim.de\/index.php?rest_route=\/wp\/v2\/pages"}],"about":[{"href":"https:\/\/mozartschule-mannheim.de\/index.php?rest_route=\/wp\/v2\/types\/page"}],"author":[{"embeddable":true,"href":"https:\/\/mozartschule-mannheim.de\/index.php?rest_route=\/wp\/v2\/users\/1"}],"replies":[{"embeddable":true,"href":"https:\/\/mozartschule-mannheim.de\/index.php?rest_route=%2Fwp%2Fv2%2Fcomments&post=20"}],"version-history":[{"count":29,"href":"https:\/\/mozartschule-mannheim.de\/index.php?rest_route=\/wp\/v2\/pages\/20\/revisions"}],"predecessor-version":[{"id":863,"href":"https:\/\/mozartschule-mannheim.de\/index.php?rest_route=\/wp\/v2\/pages\/20\/revisions\/863"}],"up":[{"embeddable":true,"href":"https:\/\/mozartschule-mannheim.de\/index.php?rest_route=\/wp\/v2\/pages\/5"}],"wp:attachment":[{"href":"https:\/\/mozartschule-mannheim.de\/index.php?rest_route=%2Fwp%2Fv2%2Fmedia&parent=20"}],"curies":[{"name":"wp","href":"https:\/\/api.w.org\/{rel}","templated":true}]}}